{"id":5212,"date":"2022-09-04T17:01:15","date_gmt":"2022-09-04T17:01:15","guid":{"rendered":"http:\/\/localhost:8888\/wordpress\/?page_id=5212"},"modified":"2022-09-04T17:27:27","modified_gmt":"2022-09-04T17:27:27","slug":"recrutamento","status":"publish","type":"page","link":"\/en\/recrutamento\/","title":{"rendered":"Careers"},"content":{"rendered":"<div class=\"vc_row wpb_row vc_row-fluid overflow-hidden vc_custom_1578145404483\"><div class=\"wpb_column vc_column_container vc_col-sm-12\"><div class=\"vc_column-inner\"><div class=\"wpb_wrapper\"><div class=\"vc_row wpb_row vc_inner vc_row-fluid\"><div class=\"wpb_column vc_column_container vc_col-sm-12 vc_col-lg-6 vc_col-md-6\"><div class=\"vc_column-inner\"><div class=\"wpb_wrapper\">\n\t<div class=\"wpb_text_column wpb_content_element\" >\n\t\t<div class=\"wpb_wrapper\">\n\t\t\t<h5 class=\"w-pricing-item-title\">Manager\/Coordinator of the Communication and Marketing, Administrative and Environment areas<\/h5>\n\n\t\t<\/div>\n\t<\/div>\n\n\t<div class=\"wpb_text_column wpb_content_element\" >\n\t\t<div class=\"wpb_wrapper\">\n\t\t\t<p>Download terms of reference for application<\/p>\n\n\t\t<\/div>\n\t<\/div>\n<div class=\"vc_btn3-container  d-inline vc_btn3-inline\" ><button style=\"background-color:#0072bc; color:#ffffff;\" class=\"vc_general vc_btn3 vc_btn3-size-md vc_btn3-shape-square vc_btn3-style-custom\">DOWNLOAD DOS TERMOS DE REFER\u00caNCIA<\/button><\/div><div class=\"vc_empty_space\"   style=\"height: 32px\"><span class=\"vc_empty_space_inner\"><\/span><\/div><\/div><\/div><\/div><div class=\"pl-lg-5 wpb_column vc_column_container vc_col-sm-12 vc_col-lg-6 vc_col-md-6\"><div class=\"vc_column-inner\"><div class=\"wpb_wrapper\">\n<div class=\"wpcf7 no-js\" id=\"wpcf7-f3528-o1\" lang=\"en-US\" dir=\"ltr\" data-wpcf7-id=\"3528\">\n<div class=\"screen-reader-response\"><p role=\"status\" aria-live=\"polite\" aria-atomic=\"true\"><\/p> <ul><\/ul><\/div>\n<form action=\"\/en\/wp-json\/wp\/v2\/pages\/5212#wpcf7-f3528-o1\" method=\"post\" class=\"wpcf7-form init\" aria-label=\"Contact form\" enctype=\"multipart\/form-data\" novalidate=\"novalidate\" data-status=\"init\" data-trp-original-action=\"\/en\/wp-json\/wp\/v2\/pages\/5212#wpcf7-f3528-o1\">\n<fieldset class=\"hidden-fields-container\"><input type=\"hidden\" name=\"_wpcf7\" value=\"3528\" \/><input type=\"hidden\" name=\"_wpcf7_version\" value=\"6.1.1\" \/><input type=\"hidden\" name=\"_wpcf7_locale\" value=\"en_US\" \/><input type=\"hidden\" name=\"_wpcf7_unit_tag\" value=\"wpcf7-f3528-o1\" \/><input type=\"hidden\" name=\"_wpcf7_container_post\" value=\"0\" \/><input type=\"hidden\" name=\"_wpcf7_posted_data_hash\" value=\"\" \/>\n<\/fieldset>\n<div class=\"Book an appointment\">\n\t<h3 class=\"title\">Open call for recruitment.\n\t<\/h3>\n\t<p class=\"content\">Fill in the information below and click send and we will contact you.\n\t<\/p>\n\t<p><label> Name<br \/>\n<span class=\"wpcf7-form-control-wrap\" data-name=\"your-name\"><input size=\"40\" maxlength=\"400\" class=\"wpcf7-form-control wpcf7-text wpcf7-validates-as-required\" aria-required=\"true\" aria-invalid=\"false\" value=\"\" type=\"text\" name=\"your-name\" \/><\/span> <\/label>\n\t<\/p>\n\t<p><label> Email<br \/>\n<span class=\"wpcf7-form-control-wrap\" data-name=\"your-email\"><input size=\"40\" maxlength=\"400\" class=\"wpcf7-form-control wpcf7-email wpcf7-validates-as-required wpcf7-text wpcf7-validates-as-email\" aria-required=\"true\" aria-invalid=\"false\" value=\"\" type=\"email\" name=\"your-email\" \/><\/span> <\/label>\n\t<\/p>\n\t<p><label> message<br \/>\n<span class=\"wpcf7-form-control-wrap\" data-name=\"your-message\"><textarea cols=\"40\" rows=\"10\" maxlength=\"2000\" class=\"wpcf7-form-control wpcf7-textarea\" aria-invalid=\"false\" name=\"your-message\"><\/textarea><\/span> <\/label>\n\t<\/p>\n\t<p><span class=\"wpcf7-form-control-wrap\" data-name=\"Escolherficheiro\"><input size=\"40\" class=\"wpcf7-form-control wpcf7-file\" accept=\"audio\/*,video\/*,image\/*\" aria-invalid=\"false\" type=\"file\" name=\"Escolherficheiro\" \/><\/span>\n\t<\/p>\n\t<p><input class=\"wpcf7-form-control wpcf7-submit has-spinner\" type=\"submit\" value=\"SEND\" \/>\n\t<\/p>\n<\/div><p style=\"display: none !important;\" class=\"akismet-fields-container\" data-prefix=\"_wpcf7_ak_\"><label>&#916;<textarea name=\"_wpcf7_ak_hp_textarea\" cols=\"45\" rows=\"8\" maxlength=\"100\"><\/textarea><\/label><input type=\"hidden\" id=\"ak_js_1\" name=\"_wpcf7_ak_js\" value=\"49\"\/><script>document.getElementById( \"ak_js_1\" ).setAttribute( \"value\", ( new Date() ).getTime() );<\/script><\/p><div class=\"wpcf7-response-output\" aria-hidden=\"true\"><\/div>\n<input type=\"hidden\" name=\"trp-form-language\" value=\"en\"\/><\/form>\n<\/div>\n<\/div><\/div><\/div><\/div><\/div><\/div><\/div><\/div>","protected":false},"excerpt":{"rendered":"Gestor(a)\/Coordenador(a) das \u00e1reas de Comunica\u00e7\u00e3o e Marketing, Administrativa e do Ambiente Download de termos de referencias para aplica\u00e7\u00e3o DOWNLOAD DOS TERMOS DE REFER\u00caNCIA Chamada aberta para recrutamento. Preencha os dados abaixo e clique em enviar e entraremos em contato. Nome Email mensagem &#916;","protected":false},"author":1,"featured_media":0,"parent":0,"menu_order":0,"comment_status":"closed","ping_status":"closed","template":"full-page.php","meta":{"_monsterinsights_skip_tracking":false,"_monsterinsights_sitenote_active":false,"_monsterinsights_sitenote_note":"","_monsterinsights_sitenote_category":0,"footnotes":""},"class_list":["post-5212","page","type-page","status-publish","hentry"],"aioseo_notices":[],"_links":{"self":[{"href":"\/en\/wp-json\/wp\/v2\/pages\/5212","targetHints":{"allow":["GET"]}}],"collection":[{"href":"\/en\/wp-json\/wp\/v2\/pages"}],"about":[{"href":"\/en\/wp-json\/wp\/v2\/types\/page"}],"author":[{"embeddable":true,"href":"\/en\/wp-json\/wp\/v2\/users\/1"}],"replies":[{"embeddable":true,"href":"\/en\/wp-json\/wp\/v2\/comments?post=5212"}],"version-history":[{"count":14,"href":"\/en\/wp-json\/wp\/v2\/pages\/5212\/revisions"}],"predecessor-version":[{"id":5228,"href":"\/en\/wp-json\/wp\/v2\/pages\/5212\/revisions\/5228"}],"wp:attachment":[{"href":"\/en\/wp-json\/wp\/v2\/media?parent=5212"}],"curies":[{"name":"wp","href":"https:\/\/api.w.org\/{rel}","templated":true}]}}