{"id":4406,"date":"2022-08-05T11:29:27","date_gmt":"2022-08-05T11:29:27","guid":{"rendered":"http:\/\/localhost:8888\/wordpress\/?page_id=4406"},"modified":"2023-01-29T23:30:57","modified_gmt":"2023-01-29T23:30:57","slug":"apoio-social","status":"publish","type":"page","link":"\/en\/apoio-social\/","title":{"rendered":"Social Support"},"content":{"rendered":"<div class=\"vc_row wpb_row vc_row-fluid\"><div class=\"wpb_column vc_column_container vc_col-sm-12\"><div class=\"vc_column-inner\"><div class=\"wpb_wrapper\"><div class=\"vc_empty_space\"   style=\"height: 32px\"><span class=\"vc_empty_space_inner\"><\/span><\/div><div class=\"vc_empty_space\"   style=\"height: 32px\"><span class=\"vc_empty_space_inner\"><\/span><\/div><\/div><\/div><\/div><\/div><div class=\"vc_row wpb_row vc_row-fluid\"><div class=\"wpb_column vc_column_container vc_col-sm-6\"><div class=\"vc_column-inner\"><div class=\"wpb_wrapper\"><div class=\"title-box  text-left\"><span class=\"title-design\">CLEANING THE COASTAL AREA<\/span><\/div>\n\t<div  class=\"wpb_single_image wpb_content_element vc_align_left\">\n\t\t\n\t\t<figure class=\"wpb_wrapper vc_figure\">\n\t\t\t<div class=\"vc_single_image-wrapper   vc_box_border_grey\"><img loading=\"lazy\" decoding=\"async\" width=\"525\" height=\"525\" src=\"https:\/\/cabeolica.com\/wp-content\/uploads\/2019\/08\/ACCOES1.png\" class=\"vc_single_image-img attachment-large\" alt=\"\" srcset=\"https:\/\/cabeolica.com\/wp-content\/uploads\/2019\/08\/ACCOES1.png 800w, https:\/\/cabeolica.com\/wp-content\/uploads\/2019\/08\/ACCOES1-300x300.png 300w, https:\/\/cabeolica.com\/wp-content\/uploads\/2019\/08\/ACCOES1-150x150.png 150w, https:\/\/cabeolica.com\/wp-content\/uploads\/2019\/08\/ACCOES1-768x768.png 768w, https:\/\/cabeolica.com\/wp-content\/uploads\/2019\/08\/ACCOES1-100x100.png 100w\" sizes=\"auto, 100vw\" \/><\/div>\n\t\t<\/figure>\n\t<\/div>\n<\/div><\/div><\/div><div class=\"wpb_column vc_column_container vc_col-sm-6\"><div class=\"vc_column-inner\"><div class=\"wpb_wrapper\"><div class=\"vc_empty_space\"   style=\"height: 32px\"><span class=\"vc_empty_space_inner\"><\/span><\/div>\n\t<div class=\"wpb_text_column wpb_content_element  mb-3 mt-3 mt-lg-0 mt-md-0\" >\n\t\t<div class=\"wpb_wrapper\">\n\t\t\t<p style=\"text-align: justify;\"><strong>Cabe\u00f3lica supported<\/strong> a session<strong> \"S\u00e3o Vicente d' Costa Limpe\" <\/strong>a<strong> campaign by Biosfera Cape Verde<\/strong>, a non-profit association with the main objective of focusing on environmental protection, with special focus on marine ecosystems and fauna associated with them.<\/p>\n<p style=\"text-align: justify;\">Through the initiative \"S\u00e3o Vicente d' Costa Limpe\" several <strong>monthly cleaning sessions<\/strong> were organized carried out by volunteers <strong>to remove waste along the entire slope<\/strong> from Norte de Ba\u00eda to Praia Grande on the island of S\u00e3o Vicente.<\/p>\n<p style=\"text-align: justify;\">During the 2019 campaign, <strong>six trucks of trash were removed,<\/strong>totaling about 50 cubic meters of solid waste, and <strong>about 300 volunteers participated in total.<\/strong>.<\/p>\n\n\t\t<\/div>\n\t<\/div>\n<\/div><\/div><\/div><\/div><div class=\"vc_row wpb_row vc_row-fluid\"><div class=\"wpb_column vc_column_container vc_col-sm-12\"><div class=\"vc_column-inner\"><div class=\"wpb_wrapper\"><div class=\"vc_empty_space\"   style=\"height: 32px\"><span class=\"vc_empty_space_inner\"><\/span><\/div><div class=\"vc_empty_space\"   style=\"height: 32px\"><span class=\"vc_empty_space_inner\"><\/span><\/div><\/div><\/div><\/div><\/div><div class=\"vc_row wpb_row vc_row-fluid\"><div class=\"wpb_column vc_column_container vc_col-sm-6\"><div class=\"vc_column-inner\"><div class=\"wpb_wrapper\"><div class=\"title-box  text-left\"><span class=\"title-design\">MULTIADAPT PROJECT<\/span><\/div>\n\t<div  class=\"wpb_single_image wpb_content_element vc_align_left\">\n\t\t\n\t\t<figure class=\"wpb_wrapper vc_figure\">\n\t\t\t<div class=\"vc_single_image-wrapper   vc_box_border_grey\"><img loading=\"lazy\" decoding=\"async\" width=\"530\" height=\"337\" src=\"https:\/\/cabeolica.com\/wp-content\/uploads\/2022\/08\/projeto-multiadapt.png\" class=\"vc_single_image-img attachment-full\" alt=\"\" srcset=\"https:\/\/cabeolica.com\/wp-content\/uploads\/2022\/08\/projeto-multiadapt.png 530w, https:\/\/cabeolica.com\/wp-content\/uploads\/2022\/08\/projeto-multiadapt-300x191.png 300w\" sizes=\"auto, 100vw\" \/><\/div>\n\t\t<\/figure>\n\t<\/div>\n<\/div><\/div><\/div><div class=\"wpb_column vc_column_container vc_col-sm-6\"><div class=\"vc_column-inner\"><div class=\"wpb_wrapper\"><div class=\"vc_empty_space\"   style=\"height: 32px\"><span class=\"vc_empty_space_inner\"><\/span><\/div>\n\t<div class=\"wpb_text_column wpb_content_element  mb-3 mt-3 mt-lg-0 mt-md-0\" >\n\t\t<div class=\"wpb_wrapper\">\n\t\t\t<p style=\"text-align: justify;\"><strong>Cabe\u00f3lica co-funded MultiAdapat,<\/strong>an integrated and innovative project for flood regulation, microclimate mitigation and food security promotion.<\/p>\n<p style=\"text-align: justify;\"><strong>The main focus of the project,<\/strong>promoted by the Associa\u00e7\u00e3o dos Amigos para Desenvolvimento Comunit\u00e1ria de Covoada, is the <strong>creation of a network of vegetable gardens<\/strong> and the breeding of goats for meat and milk production, as food and income for the community of Covoada, in Santiago Island.<\/p>\n<p style=\"text-align: justify;\"><strong>The project,<\/strong>in addition to contributing to community empowerment, has a strong environmental component,<strong> and includes the use of<\/strong> sustainable practices <strong>and technologies.<\/strong><\/p>\n\n\t\t<\/div>\n\t<\/div>\n<\/div><\/div><\/div><\/div><div class=\"vc_row wpb_row vc_row-fluid\"><div class=\"wpb_column vc_column_container vc_col-sm-12\"><div class=\"vc_column-inner\"><div class=\"wpb_wrapper\"><div class=\"vc_empty_space\"   style=\"height: 32px\"><span class=\"vc_empty_space_inner\"><\/span><\/div><div class=\"vc_empty_space\"   style=\"height: 32px\"><span class=\"vc_empty_space_inner\"><\/span><\/div><\/div><\/div><\/div><\/div><div class=\"vc_row wpb_row vc_row-fluid\"><div class=\"wpb_column vc_column_container vc_col-sm-6\"><div class=\"vc_column-inner\"><div class=\"wpb_wrapper\"><div class=\"title-box  text-left\"><span class=\"title-design\">LigaPlay<\/span><\/div>\n\t<div  class=\"wpb_single_image wpb_content_element vc_align_left\">\n\t\t\n\t\t<figure class=\"wpb_wrapper vc_figure\">\n\t\t\t<div class=\"vc_single_image-wrapper   vc_box_border_grey\"><img loading=\"lazy\" decoding=\"async\" width=\"530\" height=\"337\" src=\"https:\/\/cabeolica.com\/wp-content\/uploads\/2022\/08\/liga-play.png\" class=\"vc_single_image-img attachment-full\" alt=\"\" srcset=\"https:\/\/cabeolica.com\/wp-content\/uploads\/2022\/08\/liga-play.png 530w, https:\/\/cabeolica.com\/wp-content\/uploads\/2022\/08\/liga-play-300x191.png 300w\" sizes=\"auto, 100vw\" \/><\/div>\n\t\t<\/figure>\n\t<\/div>\n<\/div><\/div><\/div><div class=\"wpb_column vc_column_container vc_col-sm-6\"><div class=\"vc_column-inner\"><div class=\"wpb_wrapper\">\n\t<div class=\"wpb_text_column wpb_content_element  mb-3 mt-3 mt-lg-0 mt-md-0\" >\n\t\t<div class=\"wpb_wrapper\">\n\t\t\t<p style=\"text-align: justify;\">Cabe\u00f3lica supports <strong>LigaPlay<\/strong> - a championship for under 13, under 15 and under 17 soccer schools. Its <strong>main goal is to promote inclusion and citizenship,<\/strong>values, awareness, appreciation of human life and social interaction <strong>through sports.<\/strong><\/p>\n<p style=\"text-align: justify;\">Bringing together children and schools from several towns and villages in Santiago, LigaPlay has <strong>contributed to the dynamization of children's sports.<\/strong>.<\/p>\n<p style=\"text-align: justify;\"><strong>Cabe\u00f3lica is an official sponsor<\/strong> of this initiative, integrated in its social support activities that aim to promote the development and involvement with the community.<\/p>\n\n\t\t<\/div>\n\t<\/div>\n<\/div><\/div><\/div><\/div><div class=\"vc_row wpb_row vc_row-fluid\"><div class=\"wpb_column vc_column_container vc_col-sm-12\"><div class=\"vc_column-inner\"><div class=\"wpb_wrapper\"><div class=\"vc_empty_space\"   style=\"height: 32px\"><span class=\"vc_empty_space_inner\"><\/span><\/div><div class=\"vc_empty_space\"   style=\"height: 32px\"><span class=\"vc_empty_space_inner\"><\/span><\/div><\/div><\/div><\/div><\/div><div class=\"vc_row wpb_row vc_row-fluid\"><div class=\"wpb_column vc_column_container vc_col-sm-12\"><div class=\"vc_column-inner\"><div class=\"wpb_wrapper\"><div class=\"title-box  text-left\"><span class=\"title-design\">HEALTHIER CLEAN COMMUNITY<\/span><\/div><\/div><\/div><\/div><\/div><div class=\"vc_row wpb_row vc_row-fluid\"><div class=\"wpb_column vc_column_container vc_col-sm-6\"><div class=\"vc_column-inner\"><div class=\"wpb_wrapper\">\n\t<div  class=\"wpb_single_image wpb_content_element vc_align_left\">\n\t\t\n\t\t<figure class=\"wpb_wrapper vc_figure\">\n\t\t\t<div class=\"vc_single_image-wrapper   vc_box_border_grey\"><img loading=\"lazy\" decoding=\"async\" width=\"530\" height=\"337\" src=\"https:\/\/cabeolica.com\/wp-content\/uploads\/2022\/08\/comunidade.png\" class=\"vc_single_image-img attachment-full\" alt=\"\" srcset=\"https:\/\/cabeolica.com\/wp-content\/uploads\/2022\/08\/comunidade.png 530w, https:\/\/cabeolica.com\/wp-content\/uploads\/2022\/08\/comunidade-300x191.png 300w\" sizes=\"auto, 100vw\" \/><\/div>\n\t\t<\/figure>\n\t<\/div>\n<\/div><\/div><\/div><div class=\"wpb_column vc_column_container vc_col-sm-6\"><div class=\"vc_column-inner\"><div class=\"wpb_wrapper\">\n\t<div class=\"wpb_text_column wpb_content_element  mb-3 mt-3 mt-lg-0 mt-md-0\" >\n\t\t<div class=\"wpb_wrapper\">\n\t\t\t<p style=\"text-align: justify;\"><strong>Cabe\u00f3lica supported<\/strong> the educational centers of the Municipality of Paul, on the island of Santo Ant\u00e3o, in <strong>the project \"Clean Community equals Better Health\",<\/strong> which was implemented during the month of June 2017.<\/p>\n<p style=\"text-align: justify;\">The fragility of the ecosystems in the archipelago and the rural isolation have led these schools to seek<strong> to raise the awareness <\/strong>of the communities<strong> to become aware of the impacts that positive behavior towards the environment<\/strong> has on current and future generations.<\/p>\n<p style=\"text-align: justify;\">The development of<strong> several recreational cultural and sporting activities<\/strong> in this educational center <strong>involved the children of the region<\/strong> who could enjoy many days of real entertainment!<\/p>\n\n\t\t<\/div>\n\t<\/div>\n<\/div><\/div><\/div><\/div><div class=\"vc_row wpb_row vc_row-fluid\"><div class=\"wpb_column vc_column_container vc_col-sm-12\"><div class=\"vc_column-inner\"><div class=\"wpb_wrapper\"><div class=\"vc_empty_space\"   style=\"height: 32px\"><span class=\"vc_empty_space_inner\"><\/span><\/div><div class=\"vc_empty_space\"   style=\"height: 32px\"><span class=\"vc_empty_space_inner\"><\/span><\/div><\/div><\/div><\/div><\/div><div class=\"vc_row wpb_row vc_row-fluid\"><div class=\"wpb_column vc_column_container vc_col-sm-12\"><div class=\"vc_column-inner\"><div class=\"wpb_wrapper\"><div class=\"title-box  text-left\"><span class=\"title-design\">Solidary Christmas 2022<\/span><\/div><\/div><\/div><\/div><\/div><div class=\"vc_row wpb_row vc_row-fluid\"><div class=\"wpb_column vc_column_container vc_col-sm-6\"><div class=\"vc_column-inner\"><div class=\"wpb_wrapper\">\n\t<div  class=\"wpb_single_image wpb_content_element vc_align_left\">\n\t\t\n\t\t<figure class=\"wpb_wrapper vc_figure\">\n\t\t\t<div class=\"vc_single_image-wrapper   vc_box_border_grey\"><img loading=\"lazy\" decoding=\"async\" width=\"2560\" height=\"1707\" src=\"https:\/\/cabeolica.com\/wp-content\/uploads\/2023\/01\/IMG_1580-scaled.jpg\" class=\"vc_single_image-img attachment-full\" alt=\"\" srcset=\"https:\/\/cabeolica.com\/wp-content\/uploads\/2023\/01\/IMG_1580-scaled.jpg 2560w, https:\/\/cabeolica.com\/wp-content\/uploads\/2023\/01\/IMG_1580-300x200.jpg 300w, https:\/\/cabeolica.com\/wp-content\/uploads\/2023\/01\/IMG_1580-1024x683.jpg 1024w, https:\/\/cabeolica.com\/wp-content\/uploads\/2023\/01\/IMG_1580-768x512.jpg 768w, https:\/\/cabeolica.com\/wp-content\/uploads\/2023\/01\/IMG_1580-1536x1024.jpg 1536w, https:\/\/cabeolica.com\/wp-content\/uploads\/2023\/01\/IMG_1580-2048x1365.jpg 2048w, https:\/\/cabeolica.com\/wp-content\/uploads\/2023\/01\/IMG_1580-18x12.jpg 18w\" sizes=\"auto, 100vw\" \/><\/div>\n\t\t<\/figure>\n\t<\/div>\n<\/div><\/div><\/div><div class=\"wpb_column vc_column_container vc_col-sm-6\"><div class=\"vc_column-inner\"><div class=\"wpb_wrapper\">\n\t<div class=\"wpb_text_column wpb_content_element  mb-3 mt-3 mt-lg-0 mt-md-0\" >\n\t\t<div class=\"wpb_wrapper\">\n\t\t\t<p style=\"text-align: justify;\">As part of its mission and social support projects, Cabe\u00f3lica developed an important chapter of action in Christmas 2022 through the visit and offer of kites to the pediatric areas of the Hospitals Agostinho Neto (Cidade da Praia) and Batista de Souza<br \/>\n(Mindelo).<\/p>\n<p style=\"text-align: justify;\">It was an impactful initiative that brought the happiness and \u201ccolor\u201d of the \"Cape Verde's clean energy\" to the youngest and their families in the perspective of transmitting \"winds of positive change\" to their lives.<\/p>\n\n\t\t<\/div>\n\t<\/div>\n<\/div><\/div><\/div><\/div><div class=\"vc_row wpb_row vc_row-fluid\"><div class=\"wpb_column vc_column_container vc_col-sm-12\"><div class=\"vc_column-inner\"><div class=\"wpb_wrapper\"><div class=\"vc_empty_space\"   style=\"height: 32px\"><span class=\"vc_empty_space_inner\"><\/span><\/div><div class=\"vc_empty_space\"   style=\"height: 32px\"><span class=\"vc_empty_space_inner\"><\/span><\/div><\/div><\/div><\/div><\/div><div class=\"vc_row wpb_row vc_row-fluid\"><div class=\"wpb_column vc_column_container vc_col-sm-12\"><div class=\"vc_column-inner\"><div class=\"wpb_wrapper\"><div class=\"title-box  text-left\"><span class=\"title-design\">ACLCC \u2013 Cape Verdean Association for Combating Cancer<\/span><\/div><\/div><\/div><\/div><\/div><div class=\"vc_row wpb_row vc_row-fluid\"><div class=\"wpb_column vc_column_container vc_col-sm-6\"><div class=\"vc_column-inner\"><div class=\"wpb_wrapper\">\n\t<div  class=\"wpb_single_image wpb_content_element vc_align_left\">\n\t\t\n\t\t<figure class=\"wpb_wrapper vc_figure\">\n\t\t\t<div class=\"vc_single_image-wrapper   vc_box_border_grey\"><img loading=\"lazy\" decoding=\"async\" width=\"774\" height=\"577\" src=\"https:\/\/cabeolica.com\/wp-content\/uploads\/2023\/01\/Captura-de-ecra-2023-01-29-as-22.13.45.png\" class=\"vc_single_image-img attachment-full\" alt=\"\" srcset=\"https:\/\/cabeolica.com\/wp-content\/uploads\/2023\/01\/Captura-de-ecra-2023-01-29-as-22.13.45.png 774w, https:\/\/cabeolica.com\/wp-content\/uploads\/2023\/01\/Captura-de-ecra-2023-01-29-as-22.13.45-300x224.png 300w, https:\/\/cabeolica.com\/wp-content\/uploads\/2023\/01\/Captura-de-ecra-2023-01-29-as-22.13.45-768x573.png 768w, https:\/\/cabeolica.com\/wp-content\/uploads\/2023\/01\/Captura-de-ecra-2023-01-29-as-22.13.45-16x12.png 16w\" sizes=\"auto, 100vw\" \/><\/div>\n\t\t<\/figure>\n\t<\/div>\n<\/div><\/div><\/div><div class=\"wpb_column vc_column_container vc_col-sm-6\"><div class=\"vc_column-inner\"><div class=\"wpb_wrapper\">\n\t<div class=\"wpb_text_column wpb_content_element  mb-3 mt-3 mt-lg-0 mt-md-0\" >\n\t\t<div class=\"wpb_wrapper\">\n\t\t\t<p style=\"text-align: justify;\">Given the importance of the work of ACLCC \u2013 Cape Verdean Association for Combating Cancer in the context of the permanent \u201ccombat\u201d against the effects of cancerous diseases and various types of Cancer, Cabeolica took the decision to support this cause in a multi-year perspective.<\/p>\n<p style=\"text-align: justify;\">Signing the official protocol, our perspective involves making the basic structures of the\nassociation viable to permit that it can focus on raising awareness, on preventive processes\nand on supporting effective patients.<\/p>\n\n\t\t<\/div>\n\t<\/div>\n<\/div><\/div><\/div><\/div><div class=\"vc_row wpb_row vc_row-fluid\"><div class=\"wpb_column vc_column_container vc_col-sm-12\"><div class=\"vc_column-inner\"><div class=\"wpb_wrapper\"><div class=\"vc_empty_space\"   style=\"height: 32px\"><span class=\"vc_empty_space_inner\"><\/span><\/div><div class=\"vc_empty_space\"   style=\"height: 32px\"><span class=\"vc_empty_space_inner\"><\/span><\/div><\/div><\/div><\/div><\/div><div class=\"vc_row wpb_row vc_row-fluid\"><div class=\"wpb_column vc_column_container vc_col-sm-12\"><div class=\"vc_column-inner\"><div class=\"wpb_wrapper\"><div class=\"title-box  text-left\"><span class=\"title-design\">Lantuna<\/span><\/div><\/div><\/div><\/div><\/div><div class=\"vc_row wpb_row vc_row-fluid\"><div class=\"wpb_column vc_column_container vc_col-sm-6\"><div class=\"vc_column-inner\"><div class=\"wpb_wrapper\">\n\t<div  class=\"wpb_single_image wpb_content_element vc_align_left\">\n\t\t\n\t\t<figure class=\"wpb_wrapper vc_figure\">\n\t\t\t<div class=\"vc_single_image-wrapper   vc_box_border_grey\"><img loading=\"lazy\" decoding=\"async\" width=\"542\" height=\"369\" src=\"https:\/\/cabeolica.com\/wp-content\/uploads\/2023\/01\/Captura-de-ecra-2023-01-29-as-22.30.16.png\" class=\"vc_single_image-img attachment-full\" alt=\"\" srcset=\"https:\/\/cabeolica.com\/wp-content\/uploads\/2023\/01\/Captura-de-ecra-2023-01-29-as-22.30.16.png 542w, https:\/\/cabeolica.com\/wp-content\/uploads\/2023\/01\/Captura-de-ecra-2023-01-29-as-22.30.16-300x204.png 300w, https:\/\/cabeolica.com\/wp-content\/uploads\/2023\/01\/Captura-de-ecra-2023-01-29-as-22.30.16-18x12.png 18w\" sizes=\"auto, 100vw\" \/><\/div>\n\t\t<\/figure>\n\t<\/div>\n<\/div><\/div><\/div><div class=\"wpb_column vc_column_container vc_col-sm-6\"><div class=\"vc_column-inner\"><div class=\"wpb_wrapper\">\n\t<div class=\"wpb_text_column wpb_content_element  mb-3 mt-3 mt-lg-0 mt-md-0\" >\n\t\t<div class=\"wpb_wrapper\">\n\t\t\t<p style=\"text-align: justify;\">Cabeolica works daily on actions to support the preservation of local biodiversity and\n&quot;threatened&quot; species in Cape Verde, counting on fulfilling this mission with an important\npartnership with Lantuna - Non-Governmental Association for the Conservation of the\nEnvironment and Sustainable Development in Cabo Green.<\/p>\n<p style=\"text-align: justify;\">In this specific case we are talking about the preservation of the red heron (Ardea purpurea\nbournei) which is an endemic bird of the island of Santiago in danger of extinction. One of the examples of our action was the development of a magnificent project, creating a work of art in Serra da Malagueta School.<\/p>\n\n\t\t<\/div>\n\t<\/div>\n<\/div><\/div><\/div><\/div><div class=\"vc_row wpb_row vc_row-fluid\"><div class=\"wpb_column vc_column_container vc_col-sm-12\"><div class=\"vc_column-inner\"><div class=\"wpb_wrapper\"><div class=\"vc_empty_space\"   style=\"height: 32px\"><span class=\"vc_empty_space_inner\"><\/span><\/div><div class=\"vc_empty_space\"   style=\"height: 32px\"><span class=\"vc_empty_space_inner\"><\/span><\/div><\/div><\/div><\/div><\/div><div class=\"vc_row wpb_row vc_row-fluid\"><div class=\"wpb_column vc_column_container vc_col-sm-12\"><div class=\"vc_column-inner\"><div class=\"wpb_wrapper\"><div class=\"title-box  text-left\"><span class=\"title-design\">Offer of School Kits - AEFAG<\/span><\/div><\/div><\/div><\/div><\/div><div class=\"vc_row wpb_row vc_row-fluid\"><div class=\"wpb_column vc_column_container vc_col-sm-6\"><div class=\"vc_column-inner\"><div class=\"wpb_wrapper\">\n\t<div  class=\"wpb_single_image wpb_content_element vc_align_left\">\n\t\t\n\t\t<figure class=\"wpb_wrapper vc_figure\">\n\t\t\t<div class=\"vc_single_image-wrapper   vc_box_border_grey\"><img loading=\"lazy\" decoding=\"async\" width=\"2560\" height=\"1707\" src=\"https:\/\/cabeolica.com\/wp-content\/uploads\/2023\/01\/EFAG-2022-scaled.jpg\" class=\"vc_single_image-img attachment-full\" alt=\"\" srcset=\"https:\/\/cabeolica.com\/wp-content\/uploads\/2023\/01\/EFAG-2022-scaled.jpg 2560w, https:\/\/cabeolica.com\/wp-content\/uploads\/2023\/01\/EFAG-2022-300x200.jpg 300w, https:\/\/cabeolica.com\/wp-content\/uploads\/2023\/01\/EFAG-2022-1024x683.jpg 1024w, https:\/\/cabeolica.com\/wp-content\/uploads\/2023\/01\/EFAG-2022-768x512.jpg 768w, https:\/\/cabeolica.com\/wp-content\/uploads\/2023\/01\/EFAG-2022-1536x1024.jpg 1536w, https:\/\/cabeolica.com\/wp-content\/uploads\/2023\/01\/EFAG-2022-2048x1365.jpg 2048w, https:\/\/cabeolica.com\/wp-content\/uploads\/2023\/01\/EFAG-2022-18x12.jpg 18w\" sizes=\"auto, 100vw\" \/><\/div>\n\t\t<\/figure>\n\t<\/div>\n<\/div><\/div><\/div><div class=\"wpb_column vc_column_container vc_col-sm-6\"><div class=\"vc_column-inner\"><div class=\"wpb_wrapper\">\n\t<div class=\"wpb_text_column wpb_content_element  mb-3 mt-3 mt-lg-0 mt-md-0\" >\n\t\t<div class=\"wpb_wrapper\">\n\t\t\t<p style=\"text-align: justify;\">Took place, on 18 of September - 2022, the ceremony of school kits delivery offered by\nCabeolica to children from families with more vulnerable situations, residing in Achada\nGrande, through an important partnership with the Associa\u00e7\u00e3o de Escolas de Futebol da\nAchada Large (AEFAG).<\/p>\n<p style=\"text-align: justify;\">Cabe\u00f3lica contributes in this way to the start of the 2022\/23 school year in this community,\nexercising its social responsibility by providing better conditions for students in more disadvantaged economic conditions, investing in their education, as a determining factor for a promising future for these young people.<\/p>\n\n\t\t<\/div>\n\t<\/div>\n<\/div><\/div><\/div><\/div><div class=\"vc_row wpb_row vc_row-fluid\"><div class=\"wpb_column vc_column_container vc_col-sm-12\"><div class=\"vc_column-inner\"><div class=\"wpb_wrapper\"><div class=\"vc_empty_space\"   style=\"height: 32px\"><span class=\"vc_empty_space_inner\"><\/span><\/div><div class=\"vc_empty_space\"   style=\"height: 32px\"><span class=\"vc_empty_space_inner\"><\/span><\/div><\/div><\/div><\/div><\/div>","protected":false},"excerpt":{"rendered":"Limpeza de Zona Costeira Cabe\u00f3lica apoiou uma sess\u00e3o \u201cS\u00e3o Vicente d\u2019 Costa Limpe\u201d uma campanha da Biosfera Cabo Verde, uma associa\u00e7\u00e3o sem fins lucrativos com o principal objetivo de centra-se na prote\u00e7\u00e3o do Meio Ambiente, com especial foco nos ecossistemas marinhos e na fauna a estes associados. Atrav\u00e9s da iniciativa \u201cS\u00e3o Vicente d\u2019 Costa Limpe\u201d [...]","protected":false},"author":1,"featured_media":0,"parent":0,"menu_order":0,"comment_status":"closed","ping_status":"closed","template":"full-page.php","meta":{"_monsterinsights_skip_tracking":false,"_monsterinsights_sitenote_active":false,"_monsterinsights_sitenote_note":"","_monsterinsights_sitenote_category":0,"footnotes":""},"class_list":["post-4406","page","type-page","status-publish","hentry"],"aioseo_notices":[],"_links":{"self":[{"href":"\/en\/wp-json\/wp\/v2\/pages\/4406","targetHints":{"allow":["GET"]}}],"collection":[{"href":"\/en\/wp-json\/wp\/v2\/pages"}],"about":[{"href":"\/en\/wp-json\/wp\/v2\/types\/page"}],"author":[{"embeddable":true,"href":"\/en\/wp-json\/wp\/v2\/users\/1"}],"replies":[{"embeddable":true,"href":"\/en\/wp-json\/wp\/v2\/comments?post=4406"}],"version-history":[{"count":43,"href":"\/en\/wp-json\/wp\/v2\/pages\/4406\/revisions"}],"predecessor-version":[{"id":6113,"href":"\/en\/wp-json\/wp\/v2\/pages\/4406\/revisions\/6113"}],"wp:attachment":[{"href":"\/en\/wp-json\/wp\/v2\/media?parent=4406"}],"curies":[{"name":"wp","href":"https:\/\/api.w.org\/{rel}","templated":true}]}}