{"id":4012,"date":"2022-07-29T01:23:21","date_gmt":"2022-07-29T01:23:21","guid":{"rendered":"http:\/\/localhost:8888\/wordpress\/?page_id=4012"},"modified":"2023-03-15T00:34:40","modified_gmt":"2023-03-15T00:34:40","slug":"feiras-e-eventos","status":"publish","type":"page","link":"\/en\/feiras-e-eventos\/","title":{"rendered":"Expos and Events"},"content":{"rendered":"<div class=\"vc_row wpb_row vc_row-fluid\"><div class=\"wpb_column vc_column_container vc_col-sm-12\"><div class=\"vc_column-inner\"><div class=\"wpb_wrapper\"><div class=\"vc_empty_space\"   style=\"height: 32px\"><span class=\"vc_empty_space_inner\"><\/span><\/div><\/div><\/div><\/div><\/div><div class=\"vc_row wpb_row vc_row-fluid vc_custom_1563347345242\"><div class=\"wpb_column vc_column_container vc_col-sm-12\"><div class=\"vc_column-inner\"><div class=\"wpb_wrapper\">\n<div class=\"vc_grid-container-wrapper vc_clearfix\">\n\t<div class=\"vc_grid-container vc_clearfix wpb_content_element vc_basic_grid\" data-initial-loading-animation=\"fadeIn\" data-vc-grid-settings=\"{&quot;page_id&quot;:4012,&quot;style&quot;:&quot;all&quot;,&quot;action&quot;:&quot;vc_get_vc_grid_data&quot;,&quot;shortcode_id&quot;:&quot;1678839477679-18e772b7-e985-10&quot;,&quot;tag&quot;:&quot;vc_basic_grid&quot;}\" data-vc-request=\"https:\/\/cabeolica.com\/wp-admin\/admin-ajax.php\" data-vc-post-id=\"4012\" data-vc-public-nonce=\"ca84c0bf7f\">\n\t\t<style data-type=\"vc_shortcodes-custom-css\">.vc_custom_1419240516480{background-color: #f9f9f9 !important;}<\/style><div class=\"vc_grid vc_row vc_grid-gutter-35px vc_pageable-wrapper vc_hook_hover\" data-vc-pageable-content=\"true\"><div class=\"vc_pageable-slide-wrapper vc_clearfix\" data-vc-grid-content=\"true\"><div class=\"vc_grid-item vc_clearfix vc_col-sm-4 vc_grid-item-zone-c-bottom\"><div class=\"vc_grid-item-mini vc_clearfix\"><div class=\"vc_gitem-animated-block\" \"><div class=\"vc_gitem-zone vc_gitem-zone-a vc-gitem-zone-height-mode-auto vc-gitem-zone-height-mode-auto-1-1 vc_gitem-is-link\" style=\"background-image: url('https:\/\/cabeolica.com\/wp-content\/uploads\/2024\/07\/WhatsApp-Image-2024-07-17-at-16.58.34-2-1024x761.jpeg') !important;\"><a href=\"\/en\/cabeolica-na-fierre-2024\/\" title=\"Cabe\u00f3lica at FIEREE 2024\" class=\"vc_gitem-link vc-zone-link\"><\/a><img decoding=\"async\" src=\"https:\/\/cabeolica.com\/wp-content\/uploads\/2024\/07\/WhatsApp-Image-2024-07-17-at-16.58.34-2-1024x761.jpeg\" class=\"vc_gitem-zone-img\" alt=\"\"><div class=\"vc_gitem-zone-mini\"><\/div><\/div><\/div><div class=\"vc_gitem-zone vc_gitem-zone-c vc_custom_1419240516480\"><div class=\"vc_gitem-zone-mini\"><div class=\"vc_gitem_row vc_row vc_gitem-row-position-top\"><div class=\"vc_col-sm-12 vc_gitem-col vc_gitem-col-align-\"><div class=\"vc_custom_heading vc_gitem-post-data vc_gitem-post-data-source-post_title\" ><h4 style=\"text-align: left\" >Cabe\u00f3lica at FIEREE 2024<\/h4><\/div><div class=\"vc_custom_heading vc_gitem-post-data vc_gitem-post-data-source-post_excerpt\" ><p style=\"text-align: left\" ><p>Participation in FIEREE \u2013 International Fair of Renewable Energies and Energy Efficiency, took place in Praia from June 6 to June 8. The 2024 edition focused on the potential of building a more sustainable future. This initiative allowed Cabeolica to present the details of its new expansion project.<\/p>\n<\/p><\/div><div class=\"vc_btn3-container vc_btn3-left\"><a class=\"vc_general vc_btn3 vc_btn3-size-md vc_btn3-shape-rounded vc_btn3-style-flat vc_btn3-color-juicy-pink\" a href=\"\/en\/cabeolica-na-fierre-2024\/\" title=\"Read more\">Read more<\/a><\/div><\/div><\/div><\/div><\/div><\/div><div class=\"vc_clearfix\"><\/div><\/div><div class=\"vc_grid-item vc_clearfix vc_col-sm-4 vc_grid-item-zone-c-bottom\"><div class=\"vc_grid-item-mini vc_clearfix\"><div class=\"vc_gitem-animated-block\" \"><div class=\"vc_gitem-zone vc_gitem-zone-a vc-gitem-zone-height-mode-auto vc-gitem-zone-height-mode-auto-1-1 vc_gitem-is-link\" style=\"background-image: url('https:\/\/cabeolica.com\/wp-content\/uploads\/2024\/07\/WhatsApp-Image-2024-07-17-at-16.58.56-1.jpeg') !important;\"><a href=\"\/en\/esef-2023\/\" title=\"ESEF 2023\" class=\"vc_gitem-link vc-zone-link\"><\/a><img decoding=\"async\" src=\"https:\/\/cabeolica.com\/wp-content\/uploads\/2024\/07\/WhatsApp-Image-2024-07-17-at-16.58.56-1.jpeg\" class=\"vc_gitem-zone-img\" alt=\"\"><div class=\"vc_gitem-zone-mini\"><\/div><\/div><\/div><div class=\"vc_gitem-zone vc_gitem-zone-c vc_custom_1419240516480\"><div class=\"vc_gitem-zone-mini\"><div class=\"vc_gitem_row vc_row vc_gitem-row-position-top\"><div class=\"vc_col-sm-12 vc_gitem-col vc_gitem-col-align-\"><div class=\"vc_custom_heading vc_gitem-post-data vc_gitem-post-data-source-post_title\" ><h4 style=\"text-align: left\" >ESEF 2023<\/h4><\/div><div class=\"vc_custom_heading vc_gitem-post-data vc_gitem-post-data-source-post_excerpt\" ><p style=\"text-align: left\" ><p>Cabe\u00f3lica participated in ESEF 2023 \u2013 ECOWAS Sustainable Energy Forum, as part of the panel on financing energy transition projects. The presentation focused on the importance of the necessary processes to increase the penetration rate of renewable energies in Cabo Verde.<\/p>\n<\/p><\/div><div class=\"vc_btn3-container vc_btn3-left\"><a class=\"vc_general vc_btn3 vc_btn3-size-md vc_btn3-shape-rounded vc_btn3-style-flat vc_btn3-color-juicy-pink\" a href=\"\/en\/esef-2023\/\" title=\"Read more\">Read more<\/a><\/div><\/div><\/div><\/div><\/div><\/div><div class=\"vc_clearfix\"><\/div><\/div><div class=\"vc_grid-item vc_clearfix vc_col-sm-4 vc_grid-item-zone-c-bottom\"><div class=\"vc_grid-item-mini vc_clearfix\"><div class=\"vc_gitem-animated-block\" \"><div class=\"vc_gitem-zone vc_gitem-zone-a vc-gitem-zone-height-mode-auto vc-gitem-zone-height-mode-auto-1-1 vc_gitem-is-link\" style=\"background-image: url('https:\/\/cabeolica.com\/wp-content\/uploads\/2024\/07\/WhatsApp-Image-2024-07-17-at-16.58.09-1024x704.jpeg') !important;\"><a href=\"\/en\/fie\/\" title=\"Cabe\u00f3lica at FIEREE 2023\" class=\"vc_gitem-link vc-zone-link\"><\/a><img decoding=\"async\" src=\"https:\/\/cabeolica.com\/wp-content\/uploads\/2024\/07\/WhatsApp-Image-2024-07-17-at-16.58.09-1024x704.jpeg\" class=\"vc_gitem-zone-img\" alt=\"\"><div class=\"vc_gitem-zone-mini\"><\/div><\/div><\/div><div class=\"vc_gitem-zone vc_gitem-zone-c vc_custom_1419240516480\"><div class=\"vc_gitem-zone-mini\"><div class=\"vc_gitem_row vc_row vc_gitem-row-position-top\"><div class=\"vc_col-sm-12 vc_gitem-col vc_gitem-col-align-\"><div class=\"vc_custom_heading vc_gitem-post-data vc_gitem-post-data-source-post_title\" ><h4 style=\"text-align: left\" >Cabe\u00f3lica at FIEREE 2023<\/h4><\/div><div class=\"vc_custom_heading vc_gitem-post-data vc_gitem-post-data-source-post_excerpt\" ><p style=\"text-align: left\" ><p>Cabe\u00f3lica participated in the 4th Edition of FIEREE 2023 \u2013 International Fair of Renewable Energies and Energy Efficiency, which took place from October 12th to 14th. The theme of this initiative focused on \"A Just and Sustainable Transition.<\/p>\n<\/p><\/div><div class=\"vc_btn3-container vc_btn3-left\"><a class=\"vc_general vc_btn3 vc_btn3-size-md vc_btn3-shape-rounded vc_btn3-style-flat vc_btn3-color-juicy-pink\" a href=\"\/en\/fie\/\" title=\"Read more\">Read more<\/a><\/div><\/div><\/div><\/div><\/div><\/div><div class=\"vc_clearfix\"><\/div><\/div><div class=\"vc_grid-item vc_clearfix vc_col-sm-4 vc_grid-item-zone-c-bottom\"><div class=\"vc_grid-item-mini vc_clearfix\"><div class=\"vc_gitem-animated-block\" \"><div class=\"vc_gitem-zone vc_gitem-zone-a vc-gitem-zone-height-mode-auto vc-gitem-zone-height-mode-auto-1-1 vc_gitem-is-link\" style=\"background-image: url('https:\/\/cabeolica.com\/wp-content\/uploads\/2023\/01\/stand-1-1024x768.jpg') !important;\"><a href=\"\/en\/cabeolica-na-fieree-2022\/\" title=\"Cabe\u00f3lica na FIERRE 2022\" class=\"vc_gitem-link vc-zone-link\"><\/a><img decoding=\"async\" src=\"https:\/\/cabeolica.com\/wp-content\/uploads\/2023\/01\/stand-1-1024x768.jpg\" class=\"vc_gitem-zone-img\" alt=\"\"><div class=\"vc_gitem-zone-mini\"><\/div><\/div><\/div><div class=\"vc_gitem-zone vc_gitem-zone-c vc_custom_1419240516480\"><div class=\"vc_gitem-zone-mini\"><div class=\"vc_gitem_row vc_row vc_gitem-row-position-top\"><div class=\"vc_col-sm-12 vc_gitem-col vc_gitem-col-align-\"><div class=\"vc_custom_heading vc_gitem-post-data vc_gitem-post-data-source-post_title\" ><h4 style=\"text-align: left\" >Cabe\u00f3lica na FIERRE 2022<\/h4><\/div><div class=\"vc_custom_heading vc_gitem-post-data vc_gitem-post-data-source-post_excerpt\" ><p style=\"text-align: left\" ><p>Cabe\u00f3lica participated in FIEREE 2022 Expo, organized by the International Fair of Cabo Verde (FIC), in partnership with the Ministry of Industries, Commerce and Renewable Energy, on the theme \u201cFor a Green Economy, Clean and Efficient Solutions\u201d through its presence with a stand and specialized workshops.<\/p>\n<\/p><\/div><div class=\"vc_btn3-container vc_btn3-left\"><a class=\"vc_general vc_btn3 vc_btn3-size-md vc_btn3-shape-rounded vc_btn3-style-flat vc_btn3-color-juicy-pink\" a href=\"\/en\/cabeolica-na-fieree-2022\/\" title=\"Read more\">Read more<\/a><\/div><\/div><\/div><\/div><\/div><\/div><div class=\"vc_clearfix\"><\/div><\/div><div class=\"vc_grid-item vc_clearfix vc_col-sm-4 vc_grid-item-zone-c-bottom\"><div class=\"vc_grid-item-mini vc_clearfix\"><div class=\"vc_gitem-animated-block\" \"><div class=\"vc_gitem-zone vc_gitem-zone-a vc-gitem-zone-height-mode-auto vc-gitem-zone-height-mode-auto-1-1 vc_gitem-is-link\" style=\"background-image: url('https:\/\/cabeolica.com\/wp-content\/uploads\/2022\/07\/FIC2-1-600x400-1-p31zwz98yrpmi5ungy3025gxf7v3wv4cj1r61619ko-1.jpg') !important;\"><a href=\"\/en\/cabeolica-na-fic-2019\/\" title=\"Cabeolica at FIC 2019\" class=\"vc_gitem-link vc-zone-link\"><\/a><img decoding=\"async\" src=\"https:\/\/cabeolica.com\/wp-content\/uploads\/2022\/07\/FIC2-1-600x400-1-p31zwz98yrpmi5ungy3025gxf7v3wv4cj1r61619ko-1.jpg\" class=\"vc_gitem-zone-img\" alt=\"\"><div class=\"vc_gitem-zone-mini\"><\/div><\/div><\/div><div class=\"vc_gitem-zone vc_gitem-zone-c vc_custom_1419240516480\"><div class=\"vc_gitem-zone-mini\"><div class=\"vc_gitem_row vc_row vc_gitem-row-position-top\"><div class=\"vc_col-sm-12 vc_gitem-col vc_gitem-col-align-\"><div class=\"vc_custom_heading vc_gitem-post-data vc_gitem-post-data-source-post_title\" ><h4 style=\"text-align: left\" >Cabeolica at FIC 2019<\/h4><\/div><div class=\"vc_custom_heading vc_gitem-post-data vc_gitem-post-data-source-post_excerpt\" ><p style=\"text-align: left\" ><p>A empresa marcou presen\u00e7a na FIC 2019, que se realizou na cidade da Mindelo. A empresa exibiu, aos seus visitantes, um stand que destacou os marcos anuais desde 2009, altura em que foi constitu\u00edda a empresa. Demonstrou assim ter desempenhado um papel importante no refor\u00e7o das pol\u00edticas energ\u00e9ticas sustent\u00e1veis implementadas no pa\u00eds, com um desempenho [&hellip;]<\/p>\n<\/p><\/div><div class=\"vc_btn3-container vc_btn3-left\"><a class=\"vc_general vc_btn3 vc_btn3-size-md vc_btn3-shape-rounded vc_btn3-style-flat vc_btn3-color-juicy-pink\" a href=\"\/en\/cabeolica-na-fic-2019\/\" title=\"Read more\">Read more<\/a><\/div><\/div><\/div><\/div><\/div><\/div><div class=\"vc_clearfix\"><\/div><\/div><div class=\"vc_grid-item vc_clearfix vc_col-sm-4 vc_grid-item-zone-c-bottom\"><div class=\"vc_grid-item-mini vc_clearfix\"><div class=\"vc_gitem-animated-block\" \"><div class=\"vc_gitem-zone vc_gitem-zone-a vc-gitem-zone-height-mode-auto vc-gitem-zone-height-mode-auto-1-1 vc_gitem-is-link\" style=\"background-image: url('https:\/\/cabeolica.com\/wp-content\/uploads\/2022\/07\/Atlantic-Gateway-600x400-1-p31zxx3fsszy44hhzcpkjwxit38blyuonp8nb4n3co.jpg') !important;\"><a href=\"\/en\/cabo-verde-investment-forum\/\" title=\"Cape Verde Investment Forum\" class=\"vc_gitem-link vc-zone-link\"><\/a><img decoding=\"async\" src=\"https:\/\/cabeolica.com\/wp-content\/uploads\/2022\/07\/Atlantic-Gateway-600x400-1-p31zxx3fsszy44hhzcpkjwxit38blyuonp8nb4n3co.jpg\" class=\"vc_gitem-zone-img\" alt=\"\"><div class=\"vc_gitem-zone-mini\"><\/div><\/div><\/div><div class=\"vc_gitem-zone vc_gitem-zone-c vc_custom_1419240516480\"><div class=\"vc_gitem-zone-mini\"><div class=\"vc_gitem_row vc_row vc_gitem-row-position-top\"><div class=\"vc_col-sm-12 vc_gitem-col vc_gitem-col-align-\"><div class=\"vc_custom_heading vc_gitem-post-data vc_gitem-post-data-source-post_title\" ><h4 style=\"text-align: left\" >Cape Verde Investment Forum<\/h4><\/div><div class=\"vc_custom_heading vc_gitem-post-data vc_gitem-post-data-source-post_excerpt\" ><p style=\"text-align: left\" ><p>O CEO da Cabe\u00f3lica participou no \u201cCabo Verde Investment Forum\u201d sob o tema \u201cTransformar Cabo Verde num pa\u00eds plataforma no Atl\u00e2ntico M\u00e9dio\u201d, um evento realizado em julho de 2019 na ilha do Sal e organizado pelo Governo em parceria com o setor privado e com o apoio de alguns parceiros de Cabo Verde, para abordar [&hellip;]<\/p>\n<\/p><\/div><div class=\"vc_btn3-container vc_btn3-left\"><a class=\"vc_general vc_btn3 vc_btn3-size-md vc_btn3-shape-rounded vc_btn3-style-flat vc_btn3-color-juicy-pink\" a href=\"\/en\/cabo-verde-investment-forum\/\" title=\"Read more\">Read more<\/a><\/div><\/div><\/div><\/div><\/div><\/div><div class=\"vc_clearfix\"><\/div><\/div><div class=\"vc_grid-item vc_clearfix vc_col-sm-4 vc_grid-item-zone-c-bottom\"><div class=\"vc_grid-item-mini vc_clearfix\"><div class=\"vc_gitem-animated-block\" \"><div class=\"vc_gitem-zone vc_gitem-zone-a vc-gitem-zone-height-mode-auto vc-gitem-zone-height-mode-auto-1-1 vc_gitem-is-link\" style=\"background-image: url('https:\/\/cabeolica.com\/wp-content\/uploads\/2022\/07\/ESEF-1-p31zyocrb019gtdwk6hr281w19hyt6uwfg5q85ioc8.jpg') !important;\"><a href=\"\/en\/esef-2018\/\" title=\"ESEF 2018\" class=\"vc_gitem-link vc-zone-link\"><\/a><img decoding=\"async\" src=\"https:\/\/cabeolica.com\/wp-content\/uploads\/2022\/07\/ESEF-1-p31zyocrb019gtdwk6hr281w19hyt6uwfg5q85ioc8.jpg\" class=\"vc_gitem-zone-img\" alt=\"\"><div class=\"vc_gitem-zone-mini\"><\/div><\/div><\/div><div class=\"vc_gitem-zone vc_gitem-zone-c vc_custom_1419240516480\"><div class=\"vc_gitem-zone-mini\"><div class=\"vc_gitem_row vc_row vc_gitem-row-position-top\"><div class=\"vc_col-sm-12 vc_gitem-col vc_gitem-col-align-\"><div class=\"vc_custom_heading vc_gitem-post-data vc_gitem-post-data-source-post_title\" ><h4 style=\"text-align: left\" >ESEF 2018<\/h4><\/div><div class=\"vc_custom_heading vc_gitem-post-data vc_gitem-post-data-source-post_excerpt\" ><p style=\"text-align: left\" ><p>\u00a0 Cabe\u00f3lica participated in the ECOWAS Sustainable Energy Forum, held by the ECOWAS Center for Renewable Energies and Energy Efficiency, between 13-15 November 2018 in Dakar, where MESA presented the Cabe\u00f3lica project as a pioneering and reference project in the region.<\/p>\n<\/p><\/div><div class=\"vc_btn3-container vc_btn3-left\"><a class=\"vc_general vc_btn3 vc_btn3-size-md vc_btn3-shape-rounded vc_btn3-style-flat vc_btn3-color-juicy-pink\" a href=\"\/en\/esef-2018\/\" title=\"Read more\">Read more<\/a><\/div><\/div><\/div><\/div><\/div><\/div><div class=\"vc_clearfix\"><\/div><\/div><div class=\"vc_grid-item vc_clearfix vc_col-sm-4 vc_grid-item-zone-c-bottom\"><div class=\"vc_grid-item-mini vc_clearfix\"><div class=\"vc_gitem-animated-block\" \"><div class=\"vc_gitem-zone vc_gitem-zone-a vc-gitem-zone-height-mode-auto vc-gitem-zone-height-mode-auto-1-1 vc_gitem-is-link\" style=\"background-image: url('https:\/\/cabeolica.com\/wp-content\/uploads\/2022\/07\/Conferencia-Internacional-1-p31zz67owupplenynw7nvljnbl1xvftstwjyces720.jpg') !important;\"><a href=\"\/en\/conferencia-internacional-e-celebracao-do-quinto-aniversario-da-cabeolica\/\" title=\"International Conference and Celebration of the Fifth Anniversary of Cabeolica\" class=\"vc_gitem-link vc-zone-link\"><\/a><img decoding=\"async\" src=\"https:\/\/cabeolica.com\/wp-content\/uploads\/2022\/07\/Conferencia-Internacional-1-p31zz67owupplenynw7nvljnbl1xvftstwjyces720.jpg\" class=\"vc_gitem-zone-img\" alt=\"\"><div class=\"vc_gitem-zone-mini\"><\/div><\/div><\/div><div class=\"vc_gitem-zone vc_gitem-zone-c vc_custom_1419240516480\"><div class=\"vc_gitem-zone-mini\"><div class=\"vc_gitem_row vc_row vc_gitem-row-position-top\"><div class=\"vc_col-sm-12 vc_gitem-col vc_gitem-col-align-\"><div class=\"vc_custom_heading vc_gitem-post-data vc_gitem-post-data-source-post_title\" ><h4 style=\"text-align: left\" >International Conference and Celebration of the Fifth Anniversary of Cabeolica<\/h4><\/div><div class=\"vc_custom_heading vc_gitem-post-data vc_gitem-post-data-source-post_excerpt\" ><p style=\"text-align: left\" ><p>In March 2017, Cabe\u00f3lica promoted an international conference on the company's performance during its first five years and the impacts it had in the country and in the ECOWAS region. Held at the Pestana Tr\u00f3pico hotel, in the city of Praia, it featured prestigious national and international speakers who promoted an open debate on [\u2026]<\/p>\n<\/p><\/div><div class=\"vc_btn3-container vc_btn3-left\"><a class=\"vc_general vc_btn3 vc_btn3-size-md vc_btn3-shape-rounded vc_btn3-style-flat vc_btn3-color-juicy-pink\" a href=\"\/en\/conferencia-internacional-e-celebracao-do-quinto-aniversario-da-cabeolica\/\" title=\"Read more\">Read more<\/a><\/div><\/div><\/div><\/div><\/div><\/div><div class=\"vc_clearfix\"><\/div><\/div><div class=\"vc_grid-item vc_clearfix vc_col-sm-4 vc_grid-item-zone-c-bottom\"><div class=\"vc_grid-item-mini vc_clearfix\"><div class=\"vc_gitem-animated-block\" \"><div class=\"vc_gitem-zone vc_gitem-zone-a vc-gitem-zone-height-mode-auto vc-gitem-zone-height-mode-auto-1-1 vc_gitem-is-link\" style=\"background-image: url('https:\/\/cabeolica.com\/wp-content\/uploads\/2022\/07\/FIC-1-p31zzjdfkj7q3y4uj1wfui83mz92v7a1jpor2a8omw.jpg') !important;\"><a href=\"\/en\/cabeolica-na-fic-2016\/\" title=\"Cabeolica at FIC 2016\" class=\"vc_gitem-link vc-zone-link\"><\/a><img decoding=\"async\" src=\"https:\/\/cabeolica.com\/wp-content\/uploads\/2022\/07\/FIC-1-p31zzjdfkj7q3y4uj1wfui83mz92v7a1jpor2a8omw.jpg\" class=\"vc_gitem-zone-img\" alt=\"\"><div class=\"vc_gitem-zone-mini\"><\/div><\/div><\/div><div class=\"vc_gitem-zone vc_gitem-zone-c vc_custom_1419240516480\"><div class=\"vc_gitem-zone-mini\"><div class=\"vc_gitem_row vc_row vc_gitem-row-position-top\"><div class=\"vc_col-sm-12 vc_gitem-col vc_gitem-col-align-\"><div class=\"vc_custom_heading vc_gitem-post-data vc_gitem-post-data-source-post_title\" ><h4 style=\"text-align: left\" >Cabeolica at FIC 2016<\/h4><\/div><div class=\"vc_custom_heading vc_gitem-post-data vc_gitem-post-data-source-post_excerpt\" ><p style=\"text-align: left\" ><p>Cabe\u00f3lica participates every year in the FIC \u2013 Cape Verde International Fair. The company was present, once again, in the 2016 edition that took place in the city of Praia. With a regular presence at the event, Cabeolica started the celebration of five years of activity at this event. During the fair, the company [\u2026]<\/p>\n<\/p><\/div><div class=\"vc_btn3-container vc_btn3-left\"><a class=\"vc_general vc_btn3 vc_btn3-size-md vc_btn3-shape-rounded vc_btn3-style-flat vc_btn3-color-juicy-pink\" a href=\"\/en\/cabeolica-na-fic-2016\/\" title=\"Read more\">Read more<\/a><\/div><\/div><\/div><\/div><\/div><\/div><div class=\"vc_clearfix\"><\/div><\/div><div class=\"vc_grid-item vc_clearfix vc_col-sm-4 vc_grid-item-zone-c-bottom\"><div class=\"vc_grid-item-mini vc_clearfix\"><div class=\"vc_gitem-animated-block\" \"><div class=\"vc_gitem-zone vc_gitem-zone-a vc-gitem-zone-height-mode-auto vc-gitem-zone-height-mode-auto-1-1 vc_gitem-is-link\" style=\"background-image: url('https:\/\/cabeolica.com\/wp-content\/uploads\/2022\/07\/Press_1_Nacoes_Unidas-e1450060066265.png') !important;\"><a href=\"\/en\/cabeolica-foi-oradora-num-evento-organizado-pelas-nacoes\/\" title=\"Cabeolica partipation at United Nations Event\u00a0\" class=\"vc_gitem-link vc-zone-link\"><\/a><img decoding=\"async\" src=\"https:\/\/cabeolica.com\/wp-content\/uploads\/2022\/07\/Press_1_Nacoes_Unidas-e1450060066265.png\" class=\"vc_gitem-zone-img\" alt=\"\"><div class=\"vc_gitem-zone-mini\"><\/div><\/div><\/div><div class=\"vc_gitem-zone vc_gitem-zone-c vc_custom_1419240516480\"><div class=\"vc_gitem-zone-mini\"><div class=\"vc_gitem_row vc_row vc_gitem-row-position-top\"><div class=\"vc_col-sm-12 vc_gitem-col vc_gitem-col-align-\"><div class=\"vc_custom_heading vc_gitem-post-data vc_gitem-post-data-source-post_title\" ><h4 style=\"text-align: left\" >Cabeolica partipation at United Nations Event\u00a0<\/h4><\/div><div class=\"vc_custom_heading vc_gitem-post-data vc_gitem-post-data-source-post_excerpt\" ><p style=\"text-align: left\" ><p>Cabeolica was invited to participate as a speaker at the Carbon Neutral Now launch event that took place on September 23, 2015, at the United Nations headquarters in New York. Carbon Neutral Now (www.climateneutralnow.org), is an online platform where any entity (individuals, families or companies) can buy carbon credits produced [\u2026]<\/p>\n<\/p><\/div><div class=\"vc_btn3-container vc_btn3-left\"><a class=\"vc_general vc_btn3 vc_btn3-size-md vc_btn3-shape-rounded vc_btn3-style-flat vc_btn3-color-juicy-pink\" a href=\"\/en\/cabeolica-foi-oradora-num-evento-organizado-pelas-nacoes\/\" title=\"Read more\">Read more<\/a><\/div><\/div><\/div><\/div><\/div><\/div><div class=\"vc_clearfix\"><\/div><\/div><div class=\"vc_grid-item vc_clearfix vc_col-sm-4 vc_grid-item-zone-c-bottom\"><div class=\"vc_grid-item-mini vc_clearfix\"><div class=\"vc_gitem-animated-block\" \"><div class=\"vc_gitem-zone vc_gitem-zone-a vc-gitem-zone-height-mode-auto vc-gitem-zone-height-mode-auto-1-1 vc_gitem-is-link\" style=\"background-image: url('https:\/\/cabeolica.com\/wp-content\/uploads\/2022\/07\/Evento_3_ECOWAS-Investment-Forum-1-p32008r2p26gtf3zeuvd7ttjodrzn12sn7av0r71yw.jpg') !important;\"><a href=\"\/en\/cabeolica-tornou-se-membro-do-business-advisory-council-bac-do-ecreee-e-orador-no-forum-de-politicas-e-investimentos-nas-energias-renovaveis-da-cedeao\/\" title=\"Cabeolica became a member of ECREEE&#039;s Business Advisory Council (BAC) and speaker at the ECOWAS Renewable Energy Policy and Investment Forum\" class=\"vc_gitem-link vc-zone-link\"><\/a><img decoding=\"async\" src=\"https:\/\/cabeolica.com\/wp-content\/uploads\/2022\/07\/Evento_3_ECOWAS-Investment-Forum-1-p32008r2p26gtf3zeuvd7ttjodrzn12sn7av0r71yw.jpg\" class=\"vc_gitem-zone-img\" alt=\"\"><div class=\"vc_gitem-zone-mini\"><\/div><\/div><\/div><div class=\"vc_gitem-zone vc_gitem-zone-c vc_custom_1419240516480\"><div class=\"vc_gitem-zone-mini\"><div class=\"vc_gitem_row vc_row vc_gitem-row-position-top\"><div class=\"vc_col-sm-12 vc_gitem-col vc_gitem-col-align-\"><div class=\"vc_custom_heading vc_gitem-post-data vc_gitem-post-data-source-post_title\" ><h4 style=\"text-align: left\" >Cabeolica became a member of ECREEE's Business Advisory Council (BAC) and speaker at the ECOWAS Renewable Energy Policy and Investment Forum<\/h4><\/div><div class=\"vc_custom_heading vc_gitem-post-data vc_gitem-post-data-source-post_excerpt\" ><p style=\"text-align: left\" ><p>The ECOWAS Center for Renewable Energies and Energy Efficiency (ECREEE) invited Cabeolica to join the Business Advisory Council (BAC) of ECREEE, an advisory body composed of companies and financial institutions from the ECOWAS region, whose objective is to advise ECREEE on the creation of an enabling environment for business in the renewables sector. O [\u2026]<\/p>\n<\/p><\/div><div class=\"vc_btn3-container vc_btn3-left\"><a class=\"vc_general vc_btn3 vc_btn3-size-md vc_btn3-shape-rounded vc_btn3-style-flat vc_btn3-color-juicy-pink\" a href=\"\/en\/cabeolica-tornou-se-membro-do-business-advisory-council-bac-do-ecreee-e-orador-no-forum-de-politicas-e-investimentos-nas-energias-renovaveis-da-cedeao\/\" title=\"Read more\">Read more<\/a><\/div><\/div><\/div><\/div><\/div><\/div><div class=\"vc_clearfix\"><\/div><\/div><div class=\"vc_grid-item vc_clearfix vc_col-sm-4 vc_grid-item-zone-c-bottom\"><div class=\"vc_grid-item-mini vc_clearfix\"><div class=\"vc_gitem-animated-block\" \"><div class=\"vc_gitem-zone vc_gitem-zone-a vc-gitem-zone-height-mode-auto vc-gitem-zone-height-mode-auto-1-1 vc_gitem-is-link\" style=\"background-image: url('https:\/\/cabeolica.com\/wp-content\/uploads\/2022\/07\/Evento_4_AFC-Live-Summit-p32026b4qstookay4oxrcc9nmw95gmqxkrksj8bx6g.jpg') !important;\"><a href=\"\/en\/afc-cimeira-ao-vivo\/\" title=\"AFC Live Summit\" class=\"vc_gitem-link vc-zone-link\"><\/a><img decoding=\"async\" src=\"https:\/\/cabeolica.com\/wp-content\/uploads\/2022\/07\/Evento_4_AFC-Live-Summit-p32026b4qstookay4oxrcc9nmw95gmqxkrksj8bx6g.jpg\" class=\"vc_gitem-zone-img\" alt=\"\"><div class=\"vc_gitem-zone-mini\"><\/div><\/div><\/div><div class=\"vc_gitem-zone vc_gitem-zone-c vc_custom_1419240516480\"><div class=\"vc_gitem-zone-mini\"><div class=\"vc_gitem_row vc_row vc_gitem-row-position-top\"><div class=\"vc_col-sm-12 vc_gitem-col vc_gitem-col-align-\"><div class=\"vc_custom_heading vc_gitem-post-data vc_gitem-post-data-source-post_title\" ><h4 style=\"text-align: left\" >AFC Live Summit<\/h4><\/div><div class=\"vc_custom_heading vc_gitem-post-data vc_gitem-post-data-source-post_excerpt\" ><p style=\"text-align: left\" ><p>Cabeolica's CEO, Ant\u00e3o Fortes, was a guest at the first Infrastructure Investment Summit of the Africa Finance Corporation entitled \"AFC Ao Vivo: Bridging the existing divide in Infrastructure Investment\", held in Lagos, Nigeria, on March 25, 2014 where he participated in the panel on the Energy Sector. The theme of the event was [\u2026]<\/p>\n<\/p><\/div><div class=\"vc_btn3-container vc_btn3-left\"><a class=\"vc_general vc_btn3 vc_btn3-size-md vc_btn3-shape-rounded vc_btn3-style-flat vc_btn3-color-juicy-pink\" a href=\"\/en\/afc-cimeira-ao-vivo\/\" title=\"Read more\">Read more<\/a><\/div><\/div><\/div><\/div><\/div><\/div><div class=\"vc_clearfix\"><\/div><\/div><div class=\"vc_grid-item vc_clearfix vc_col-sm-4 vc_grid-item-zone-c-bottom\"><div class=\"vc_grid-item-mini vc_clearfix\"><div class=\"vc_gitem-animated-block\" \"><div class=\"vc_gitem-zone vc_gitem-zone-a vc-gitem-zone-height-mode-auto vc-gitem-zone-height-mode-auto-1-1 vc_gitem-is-link\" style=\"background-image: url('https:\/\/cabeolica.com\/wp-content\/uploads\/2022\/07\/Evento_5_ITC-1-p3202qzkx5lzrzgwrxvjv71spdf85z10zlxh3bh9dk.jpg') !important;\"><a href=\"\/en\/conferencia-internacional-da-itc\/\" title=\"ITC International Conference\" class=\"vc_gitem-link vc-zone-link\"><\/a><img decoding=\"async\" src=\"https:\/\/cabeolica.com\/wp-content\/uploads\/2022\/07\/Evento_5_ITC-1-p3202qzkx5lzrzgwrxvjv71spdf85z10zlxh3bh9dk.jpg\" class=\"vc_gitem-zone-img\" alt=\"\"><div class=\"vc_gitem-zone-mini\"><\/div><\/div><\/div><div class=\"vc_gitem-zone vc_gitem-zone-c vc_custom_1419240516480\"><div class=\"vc_gitem-zone-mini\"><div class=\"vc_gitem_row vc_row vc_gitem-row-position-top\"><div class=\"vc_col-sm-12 vc_gitem-col vc_gitem-col-align-\"><div class=\"vc_custom_heading vc_gitem-post-data vc_gitem-post-data-source-post_title\" ><h4 style=\"text-align: left\" >ITC International Conference<\/h4><\/div><div class=\"vc_custom_heading vc_gitem-post-data vc_gitem-post-data-source-post_excerpt\" ><p style=\"text-align: left\" ><p>Cabeolica's CEO, Ant\u00e3o Fortes, was invited as a speaker at the International Conference on Electrical Systems with High Penetration of Renewable Energy held by the Instituto Tecnol\u00f3gico de Can\u00e1rias, which took place from 8 to 10 July 2014, in the Canary Islands.<\/p>\n<\/p><\/div><div class=\"vc_btn3-container vc_btn3-left\"><a class=\"vc_general vc_btn3 vc_btn3-size-md vc_btn3-shape-rounded vc_btn3-style-flat vc_btn3-color-juicy-pink\" a href=\"\/en\/conferencia-internacional-da-itc\/\" title=\"Read more\">Read more<\/a><\/div><\/div><\/div><\/div><\/div><\/div><div class=\"vc_clearfix\"><\/div><\/div><\/div><\/div>\n\t<\/div>\n<\/div><\/div><\/div><\/div><\/div>","protected":false},"excerpt":{"rendered":"ESEF 2023A Cabe\u00f3lica esteve presente no ESEF 2023 \u2013 F\u00f3rum de Energia Sustent\u00e1vel da CEDEAO, inserida no painel destinado ao tema do financiamento de projetos de transi\u00e7\u00e3o energ\u00e9tica. O tema da apresenta\u00e7\u00e3o centrou-se na import\u00e2ncia dos processos necess\u00e1rios para o aumento da taxa de penetra\u00e7\u00e3o das energias renov\u00e1veis em Cabo Verde. Read moreCabe\u00f3lica na FIERRE [...]","protected":false},"author":1,"featured_media":0,"parent":0,"menu_order":0,"comment_status":"closed","ping_status":"closed","template":"full-page.php","meta":{"_monsterinsights_skip_tracking":false,"_monsterinsights_sitenote_active":false,"_monsterinsights_sitenote_note":"","_monsterinsights_sitenote_category":0,"footnotes":""},"class_list":["post-4012","page","type-page","status-publish","hentry"],"aioseo_notices":[],"_links":{"self":[{"href":"\/en\/wp-json\/wp\/v2\/pages\/4012","targetHints":{"allow":["GET"]}}],"collection":[{"href":"\/en\/wp-json\/wp\/v2\/pages"}],"about":[{"href":"\/en\/wp-json\/wp\/v2\/types\/page"}],"author":[{"embeddable":true,"href":"\/en\/wp-json\/wp\/v2\/users\/1"}],"replies":[{"embeddable":true,"href":"\/en\/wp-json\/wp\/v2\/comments?post=4012"}],"version-history":[{"count":30,"href":"\/en\/wp-json\/wp\/v2\/pages\/4012\/revisions"}],"predecessor-version":[{"id":6209,"href":"\/en\/wp-json\/wp\/v2\/pages\/4012\/revisions\/6209"}],"wp:attachment":[{"href":"\/en\/wp-json\/wp\/v2\/media?parent=4012"}],"curies":[{"name":"wp","href":"https:\/\/api.w.org\/{rel}","templated":true}]}}